{"id":18,"date":"2017-11-04T18:44:59","date_gmt":"2017-11-04T17:44:59","guid":{"rendered":"http:\/\/www.the-eye-of-the-photographer.com\/?page_id=18"},"modified":"2020-02-25T20:06:29","modified_gmt":"2020-02-25T19:06:29","slug":"galeries","status":"publish","type":"page","link":"https:\/\/www.the-eye-of-the-photographer.com\/en\/galeries\/","title":{"rendered":"Galeries"},"content":{"rendered":"<div id=\"dslc-theme-content\"><div id=\"dslc-theme-content-inner\"><p><\/p>\n\n\n\/\"><img data-recalc-dims=\"1\" loading=\"lazy\" decoding=\"async\" data-attachment-id=\"626\" data-permalink=\"https:\/\/www.the-eye-of-the-photographer.com\/en\/galeries\/lingerie-gobo-fenetre-web\/\" data-orig-file=\"https:\/\/i0.wp.com\/www.the-eye-of-the-photographer.com\/wp-content\/uploads\/2020\/02\/lingerie-gobo-fen%C3%AAtre-web-scaled.jpg?fit=1703%2C2560&amp;ssl=1\" data-orig-size=\"1703,2560\" data-comments-opened=\"1\" data-image-meta=\"{&quot;aperture&quot;:&quot;0&quot;,&quot;credit&quot;:&quot;&quot;,&quot;camera&quot;:&quot;&quot;,&quot;caption&quot;:&quot;&quot;,&quot;created_timestamp&quot;:&quot;0&quot;,&quot;copyright&quot;:&quot;&quot;,&quot;focal_length&quot;:&quot;0&quot;,&quot;iso&quot;:&quot;0&quot;,&quot;shutter_speed&quot;:&quot;0&quot;,&quot;title&quot;:&quot;&quot;,&quot;orientation&quot;:&quot;0&quot;}\" data-image-title=\"lingerie-gobo-fen\u00eatre web\" data-image-description=\"&lt;p&gt;Femmes aux cheveux courts en lingerie rouge&lt;\/p&gt;\n\" data-image-caption=\"&lt;p&gt;image pour aller \u00e0 la galerie lingerie&lt;\/p&gt;\n\" data-large-file=\"https:\/\/i0.wp.com\/www.the-eye-of-the-photographer.com\/wp-content\/uploads\/2020\/02\/lingerie-gobo-fen%C3%AAtre-web-scaled.jpg?fit=681%2C1024&amp;ssl=1\" class=\"aligncenter wp-image-626 size-medium\" src=\"https:\/\/i0.wp.com\/www.the-eye-of-the-photographer.com\/wp-content\/uploads\/2020\/02\/lingerie-gobo-fen%C3%AAtre-web-200x300.jpg?resize=200%2C300\" alt=\"galerie lingerie\" width=\"200\" height=\"300\" srcset=\"https:\/\/i0.wp.com\/www.the-eye-of-the-photographer.com\/wp-content\/uploads\/2020\/02\/lingerie-gobo-fen%C3%AAtre-web-scaled.jpg?resize=200%2C300&amp;ssl=1 200w, https:\/\/i0.wp.com\/www.the-eye-of-the-photographer.com\/wp-content\/uploads\/2020\/02\/lingerie-gobo-fen%C3%AAtre-web-scaled.jpg?resize=681%2C1024&amp;ssl=1 681w, https:\/\/i0.wp.com\/www.the-eye-of-the-photographer.com\/wp-content\/uploads\/2020\/02\/lingerie-gobo-fen%C3%AAtre-web-scaled.jpg?resize=768%2C1154&amp;ssl=1 768w, https:\/\/i0.wp.com\/www.the-eye-of-the-photographer.com\/wp-content\/uploads\/2020\/02\/lingerie-gobo-fen%C3%AAtre-web-scaled.jpg?resize=511%2C768&amp;ssl=1 511w, https:\/\/i0.wp.com\/www.the-eye-of-the-photographer.com\/wp-content\/uploads\/2020\/02\/lingerie-gobo-fen%C3%AAtre-web-scaled.jpg?resize=1022%2C1536&amp;ssl=1 1022w, https:\/\/i0.wp.com\/www.the-eye-of-the-photographer.com\/wp-content\/uploads\/2020\/02\/lingerie-gobo-fen%C3%AAtre-web-scaled.jpg?resize=1363%2C2048&amp;ssl=1 1363w, https:\/\/i0.wp.com\/www.the-eye-of-the-photographer.com\/wp-content\/uploads\/2020\/02\/lingerie-gobo-fen%C3%AAtre-web-scaled.jpg?w=1703&amp;ssl=1 1703w\" sizes=\"auto, (max-width: 200px) 100vw, 200px\" \/><\/a><\/p>\n<h2 style=\"text-align: center;\"><a href=\"http:\/\/www.the-eye-of-the-photographer.com\/\/\"><span style=\"color: #000000;\"><span style=\"color: #ffffff;\">Lingerie<\/span> <\/span><\/a><\/h2>\n<h2 style=\"text-align: center;\"><span style=\"color: #000000;\">mariage \/ \u00e9v\u00e9nementiel<\/span><\/h2>\n<p style=\"text-align: center;\"><a href=\"http:\/\/www.the-eye-of-the-photographer.com\/galeries\/architecture\/\"><img data-recalc-dims=\"1\" loading=\"lazy\" decoding=\"async\" data-attachment-id=\"136\" data-permalink=\"https:\/\/www.the-eye-of-the-photographer.com\/en\/galeries\/pyramides\/\" data-orig-file=\"https:\/\/i0.wp.com\/www.the-eye-of-the-photographer.com\/wp-content\/uploads\/2017\/12\/pyramides.jpg?fit=4256%2C2832&amp;ssl=1\" data-orig-size=\"4256,2832\" data-comments-opened=\"1\" data-image-meta=\"{&quot;aperture&quot;:&quot;0&quot;,&quot;credit&quot;:&quot;&quot;,&quot;camera&quot;:&quot;&quot;,&quot;caption&quot;:&quot;&quot;,&quot;created_timestamp&quot;:&quot;0&quot;,&quot;copyright&quot;:&quot;&quot;,&quot;focal_length&quot;:&quot;0&quot;,&quot;iso&quot;:&quot;0&quot;,&quot;shutter_speed&quot;:&quot;0&quot;,&quot;title&quot;:&quot;&quot;,&quot;orientation&quot;:&quot;0&quot;}\" data-image-title=\"pyramides\" data-image-description=\"\" data-image-caption=\"\" data-large-file=\"https:\/\/i0.wp.com\/www.the-eye-of-the-photographer.com\/wp-content\/uploads\/2017\/12\/pyramides.jpg?fit=1024%2C681&amp;ssl=1\" class=\"aligncenter wp-image-136 size-medium\" src=\"https:\/\/i0.wp.com\/www.the-eye-of-the-photographer.com\/wp-content\/uploads\/2017\/12\/pyramides-300x200.jpg?resize=300%2C200\" alt=\"\" width=\"300\" height=\"200\" srcset=\"https:\/\/i0.wp.com\/www.the-eye-of-the-photographer.com\/wp-content\/uploads\/2017\/12\/pyramides.jpg?resize=300%2C200&amp;ssl=1 300w, https:\/\/i0.wp.com\/www.the-eye-of-the-photographer.com\/wp-content\/uploads\/2017\/12\/pyramides.jpg?resize=768%2C511&amp;ssl=1 768w, https:\/\/i0.wp.com\/www.the-eye-of-the-photographer.com\/wp-content\/uploads\/2017\/12\/pyramides.jpg?resize=1024%2C681&amp;ssl=1 1024w, https:\/\/i0.wp.com\/www.the-eye-of-the-photographer.com\/wp-content\/uploads\/2017\/12\/pyramides.jpg?w=2000&amp;ssl=1 2000w, https:\/\/i0.wp.com\/www.the-eye-of-the-photographer.com\/wp-content\/uploads\/2017\/12\/pyramides.jpg?w=3000&amp;ssl=1 3000w\" sizes=\"auto, (max-width: 300px) 100vw, 300px\" \/><\/a><\/p>\n<h2 style=\"text-align: center;\"><span style=\"color: #ffffff;\"><a style=\"color: #ffffff;\" href=\"http:\/\/www.the-eye-of-the-photographer.com\/architecture\/\">architecture \/ paysage<\/a><\/span><\/h2>\n<p style=\"text-align: center;\"><a href=\"http:\/\/www.the-eye-of-the-photographer.com\/galeries\/artisans-et-metiers-dart\/\"><img data-recalc-dims=\"1\" loading=\"lazy\" decoding=\"async\" data-attachment-id=\"298\" data-permalink=\"https:\/\/www.the-eye-of-the-photographer.com\/en\/galeries\/projet-statut-386web\/\" data-orig-file=\"https:\/\/i0.wp.com\/www.the-eye-of-the-photographer.com\/wp-content\/uploads\/2018\/07\/projet-statut-386web.jpg?fit=4256%2C2832&amp;ssl=1\" data-orig-size=\"4256,2832\" data-comments-opened=\"1\" data-image-meta=\"{&quot;aperture&quot;:&quot;0&quot;,&quot;credit&quot;:&quot;&quot;,&quot;camera&quot;:&quot;&quot;,&quot;caption&quot;:&quot;&quot;,&quot;created_timestamp&quot;:&quot;0&quot;,&quot;copyright&quot;:&quot;&quot;,&quot;focal_length&quot;:&quot;0&quot;,&quot;iso&quot;:&quot;0&quot;,&quot;shutter_speed&quot;:&quot;0&quot;,&quot;title&quot;:&quot;&quot;,&quot;orientation&quot;:&quot;0&quot;}\" data-image-title=\"projet-statut-386web\" data-image-description=\"\" data-image-caption=\"\" data-large-file=\"https:\/\/i0.wp.com\/www.the-eye-of-the-photographer.com\/wp-content\/uploads\/2018\/07\/projet-statut-386web.jpg?fit=1024%2C681&amp;ssl=1\" class=\"aligncenter wp-image-298 size-medium\" src=\"https:\/\/i0.wp.com\/www.the-eye-of-the-photographer.com\/wp-content\/uploads\/2018\/07\/projet-statut-386web-300x200.jpg?resize=300%2C200\" alt=\"\" width=\"300\" height=\"200\" srcset=\"https:\/\/i0.wp.com\/www.the-eye-of-the-photographer.com\/wp-content\/uploads\/2018\/07\/projet-statut-386web.jpg?resize=300%2C200&amp;ssl=1 300w, https:\/\/i0.wp.com\/www.the-eye-of-the-photographer.com\/wp-content\/uploads\/2018\/07\/projet-statut-386web.jpg?resize=768%2C511&amp;ssl=1 768w, https:\/\/i0.wp.com\/www.the-eye-of-the-photographer.com\/wp-content\/uploads\/2018\/07\/projet-statut-386web.jpg?resize=1024%2C681&amp;ssl=1 1024w, https:\/\/i0.wp.com\/www.the-eye-of-the-photographer.com\/wp-content\/uploads\/2018\/07\/projet-statut-386web.jpg?w=2000&amp;ssl=1 2000w, https:\/\/i0.wp.com\/www.the-eye-of-the-photographer.com\/wp-content\/uploads\/2018\/07\/projet-statut-386web.jpg?w=3000&amp;ssl=1 3000w\" sizes=\"auto, (max-width: 300px) 100vw, 300px\" \/><\/a><\/p>\n<h2 style=\"text-align: center;\"><a href=\"http:\/\/www.the-eye-of-the-photographer.com\/galeries\/artisans-et-metiers-dart\/\"><span style=\"color: #ffffff;\">Artisans et M\u00e9tiers d'Art<\/span><\/a><\/h2>\n<p>Si vous souhaitez vous tenir au courant des nouvelles photos que je publie, de mes id\u00e9es ou de mes besoins en mod\u00e8les vous pouvez aussi vous servir des diff\u00e9rents r\u00e9seaux sociaux. Toutes les ic\u00f4nes se trouvent juste en dessous. Je serais ravi de pouvoir \u00e9changer avec des personnes qui aiment mon travail. D'ailleurs, n'h\u00e9sitez pas \u00e0 le faire conna\u00eetre en en parlant autour de vous. Ce serait une belle r\u00e9compense et une v\u00e9ritable motivation. Et puis l'art ne vaut que s'il est partag\u00e9...Vous voil\u00e0 dans la rubrique principale de ce site : les galeries photographiques de The Eye Of The Photographer. Vous trouverez donc ici un avant go\u00fbt de mon travail dans diff\u00e9rents domaines. J'ai bien sur un style de pr\u00e9dilection mais j'ai toujours trouv\u00e9 dommage de se limiter \u00e0 un style. Il est toujours int\u00e9ressant, en effet, de voir ce qui se fait ailleurs ou de faire d'autres choses. Et puis je trouve que cela stimule la cr\u00e9ativit\u00e9. Je vous laisse vous promener entre ces pages. J'esp\u00e8re que cela vous plaira et vous donnera peut \u00eatre envie de me contacter. Le plus simple pour cela c'est de vous rendre sur la <a href=\"http:\/\/www.the-eye-of-the-photographer.com\/contact\/\">page contact<\/a>.<\/p>\n<p><a href=\"http:\/\/www.the-eye-of-the-photographer.com\/galeries\/mode-portrait\/\"><img data-recalc-dims=\"1\" loading=\"lazy\" decoding=\"async\" data-attachment-id=\"230\" data-permalink=\"https:\/\/www.the-eye-of-the-photographer.com\/en\/galeries\/portrait-assis\/\" data-orig-file=\"https:\/\/i0.wp.com\/www.the-eye-of-the-photographer.com\/wp-content\/uploads\/2018\/06\/portrait-assis.jpg?fit=2712%2C3742&amp;ssl=1\" data-orig-size=\"2712,3742\" data-comments-opened=\"1\" data-image-meta=\"{&quot;aperture&quot;:&quot;0&quot;,&quot;credit&quot;:&quot;&quot;,&quot;camera&quot;:&quot;&quot;,&quot;caption&quot;:&quot;&quot;,&quot;created_timestamp&quot;:&quot;0&quot;,&quot;copyright&quot;:&quot;&quot;,&quot;focal_length&quot;:&quot;0&quot;,&quot;iso&quot;:&quot;0&quot;,&quot;shutter_speed&quot;:&quot;0&quot;,&quot;title&quot;:&quot;&quot;,&quot;orientation&quot;:&quot;0&quot;}\" data-image-title=\"portrait-assis\" data-image-description=\"&lt;p&gt;portrait de plein pied d&#039;une jeune femme assise  les jambes crois\u00e9es&lt;\/p&gt;\n\" data-image-caption=\"\" data-large-file=\"https:\/\/i0.wp.com\/www.the-eye-of-the-photographer.com\/wp-content\/uploads\/2018\/06\/portrait-assis.jpg?fit=742%2C1024&amp;ssl=1\" class=\"aligncenter wp-image-230 size-medium\" src=\"https:\/\/i0.wp.com\/www.the-eye-of-the-photographer.com\/wp-content\/uploads\/2018\/06\/portrait-assis-217x300.jpg?resize=217%2C300\" alt=\"\" width=\"217\" height=\"300\" srcset=\"https:\/\/i0.wp.com\/www.the-eye-of-the-photographer.com\/wp-content\/uploads\/2018\/06\/portrait-assis.jpg?resize=217%2C300&amp;ssl=1 217w, https:\/\/i0.wp.com\/www.the-eye-of-the-photographer.com\/wp-content\/uploads\/2018\/06\/portrait-assis.jpg?resize=768%2C1060&amp;ssl=1 768w, https:\/\/i0.wp.com\/www.the-eye-of-the-photographer.com\/wp-content\/uploads\/2018\/06\/portrait-assis.jpg?resize=742%2C1024&amp;ssl=1 742w, https:\/\/i0.wp.com\/www.the-eye-of-the-photographer.com\/wp-content\/uploads\/2018\/06\/portrait-assis.jpg?resize=557%2C768&amp;ssl=1 557w, https:\/\/i0.wp.com\/www.the-eye-of-the-photographer.com\/wp-content\/uploads\/2018\/06\/portrait-assis.jpg?w=2000&amp;ssl=1 2000w\" sizes=\"auto, (max-width: 217px) 100vw, 217px\" \/><\/a><\/p>\n<h2 style=\"text-align: center;\"><a href=\"http:\/\/www.the-eye-of-the-photographer.com\/galeries\/mode-portrait\/\"><span style=\"color: #ffffff;\">Mode \/ Portrait<\/span><\/a><\/h2>\n<h2 style=\"text-align: center;\"><a href=\"http:\/\/www.the-eye-of-the-photographer.com\/galeries\/avertissement\/\"><img data-recalc-dims=\"1\" loading=\"lazy\" decoding=\"async\" data-attachment-id=\"180\" data-permalink=\"https:\/\/www.the-eye-of-the-photographer.com\/en\/galeries\/nue-tete-coupe-noir-et-blanc\/\" data-orig-file=\"https:\/\/i0.wp.com\/www.the-eye-of-the-photographer.com\/wp-content\/uploads\/2018\/06\/nue-tete-coup%C3%A9-noir-et-blanc.jpg?fit=2511%2C3770&amp;ssl=1\" data-orig-size=\"2511,3770\" data-comments-opened=\"1\" data-image-meta=\"{&quot;aperture&quot;:&quot;0&quot;,&quot;credit&quot;:&quot;&quot;,&quot;camera&quot;:&quot;&quot;,&quot;caption&quot;:&quot;&quot;,&quot;created_timestamp&quot;:&quot;0&quot;,&quot;copyright&quot;:&quot;&quot;,&quot;focal_length&quot;:&quot;0&quot;,&quot;iso&quot;:&quot;0&quot;,&quot;shutter_speed&quot;:&quot;0&quot;,&quot;title&quot;:&quot;&quot;,&quot;orientation&quot;:&quot;0&quot;}\" data-image-title=\"nue-tete-coup\u00e9-noir-et-blanc\" data-image-description=\"\" data-image-caption=\"\" data-large-file=\"https:\/\/i0.wp.com\/www.the-eye-of-the-photographer.com\/wp-content\/uploads\/2018\/06\/nue-tete-coup%C3%A9-noir-et-blanc.jpg?fit=682%2C1024&amp;ssl=1\" class=\"aligncenter wp-image-180 size-medium\" src=\"https:\/\/i0.wp.com\/www.the-eye-of-the-photographer.com\/wp-content\/uploads\/2018\/06\/nue-tete-coup%C3%A9-noir-et-blanc-200x300.jpg?resize=200%2C300\" alt=\"\" width=\"200\" height=\"300\" srcset=\"https:\/\/i0.wp.com\/www.the-eye-of-the-photographer.com\/wp-content\/uploads\/2018\/06\/nue-tete-coup%C3%A9-noir-et-blanc.jpg?resize=200%2C300&amp;ssl=1 200w, https:\/\/i0.wp.com\/www.the-eye-of-the-photographer.com\/wp-content\/uploads\/2018\/06\/nue-tete-coup%C3%A9-noir-et-blanc.jpg?resize=768%2C1153&amp;ssl=1 768w, https:\/\/i0.wp.com\/www.the-eye-of-the-photographer.com\/wp-content\/uploads\/2018\/06\/nue-tete-coup%C3%A9-noir-et-blanc.jpg?resize=682%2C1024&amp;ssl=1 682w, https:\/\/i0.wp.com\/www.the-eye-of-the-photographer.com\/wp-content\/uploads\/2018\/06\/nue-tete-coup%C3%A9-noir-et-blanc.jpg?resize=512%2C768&amp;ssl=1 512w, https:\/\/i0.wp.com\/www.the-eye-of-the-photographer.com\/wp-content\/uploads\/2018\/06\/nue-tete-coup%C3%A9-noir-et-blanc.jpg?w=2000&amp;ssl=1 2000w\" sizes=\"auto, (max-width: 200px) 100vw, 200px\" \/><\/a><\/h2>\n<h2 style=\"text-align: center;\"><span style=\"color: #ffffff;\">Akt \/ nu artistique<\/span><\/h2>\n<h2 style=\"text-align: center;\"><span style=\"color: #000000;\">mariage \/ \u00e9venementiel<\/span><\/h2>\n<p style=\"text-align: center;\"><a href=\"http:\/\/www.the-eye-of-the-photographer.com\/galeries\/architecture\/\"><img data-recalc-dims=\"1\" loading=\"lazy\" decoding=\"async\" data-attachment-id=\"136\" data-permalink=\"https:\/\/www.the-eye-of-the-photographer.com\/en\/galeries\/pyramides\/\" data-orig-file=\"https:\/\/i0.wp.com\/www.the-eye-of-the-photographer.com\/wp-content\/uploads\/2017\/12\/pyramides.jpg?fit=4256%2C2832&amp;ssl=1\" data-orig-size=\"4256,2832\" data-comments-opened=\"1\" data-image-meta=\"{&quot;aperture&quot;:&quot;0&quot;,&quot;credit&quot;:&quot;&quot;,&quot;camera&quot;:&quot;&quot;,&quot;caption&quot;:&quot;&quot;,&quot;created_timestamp&quot;:&quot;0&quot;,&quot;copyright&quot;:&quot;&quot;,&quot;focal_length&quot;:&quot;0&quot;,&quot;iso&quot;:&quot;0&quot;,&quot;shutter_speed&quot;:&quot;0&quot;,&quot;title&quot;:&quot;&quot;,&quot;orientation&quot;:&quot;0&quot;}\" data-image-title=\"pyramides\" data-image-description=\"\" data-image-caption=\"\" data-large-file=\"https:\/\/i0.wp.com\/www.the-eye-of-the-photographer.com\/wp-content\/uploads\/2017\/12\/pyramides.jpg?fit=1024%2C681&amp;ssl=1\" class=\"aligncenter wp-image-136 size-medium\" src=\"https:\/\/i0.wp.com\/www.the-eye-of-the-photographer.com\/wp-content\/uploads\/2017\/12\/pyramides-300x200.jpg?resize=300%2C200\" alt=\"\" width=\"300\" height=\"200\" srcset=\"https:\/\/i0.wp.com\/www.the-eye-of-the-photographer.com\/wp-content\/uploads\/2017\/12\/pyramides.jpg?resize=300%2C200&amp;ssl=1 300w, https:\/\/i0.wp.com\/www.the-eye-of-the-photographer.com\/wp-content\/uploads\/2017\/12\/pyramides.jpg?resize=768%2C511&amp;ssl=1 768w, https:\/\/i0.wp.com\/www.the-eye-of-the-photographer.com\/wp-content\/uploads\/2017\/12\/pyramides.jpg?resize=1024%2C681&amp;ssl=1 1024w, https:\/\/i0.wp.com\/www.the-eye-of-the-photographer.com\/wp-content\/uploads\/2017\/12\/pyramides.jpg?w=2000&amp;ssl=1 2000w, https:\/\/i0.wp.com\/www.the-eye-of-the-photographer.com\/wp-content\/uploads\/2017\/12\/pyramides.jpg?w=3000&amp;ssl=1 3000w\" sizes=\"auto, (max-width: 300px) 100vw, 300px\" \/><\/a><\/p>\n<h2 style=\"text-align: center;\"><span style=\"color: #ffffff;\"><a style=\"color: #ffffff;\" href=\"http:\/\/www.the-eye-of-the-photographer.com\/architecture\/\">architecture \/ paysage<\/a><\/span><\/h2>\n<p style=\"text-align: center;\"><a href=\"http:\/\/www.the-eye-of-the-photographer.com\/galeries\/artisans-et-metiers-dart\/\"><img data-recalc-dims=\"1\" loading=\"lazy\" decoding=\"async\" data-attachment-id=\"298\" data-permalink=\"https:\/\/www.the-eye-of-the-photographer.com\/en\/galeries\/projet-statut-386web\/\" data-orig-file=\"https:\/\/i0.wp.com\/www.the-eye-of-the-photographer.com\/wp-content\/uploads\/2018\/07\/projet-statut-386web.jpg?fit=4256%2C2832&amp;ssl=1\" data-orig-size=\"4256,2832\" data-comments-opened=\"1\" data-image-meta=\"{&quot;aperture&quot;:&quot;0&quot;,&quot;credit&quot;:&quot;&quot;,&quot;camera&quot;:&quot;&quot;,&quot;caption&quot;:&quot;&quot;,&quot;created_timestamp&quot;:&quot;0&quot;,&quot;copyright&quot;:&quot;&quot;,&quot;focal_length&quot;:&quot;0&quot;,&quot;iso&quot;:&quot;0&quot;,&quot;shutter_speed&quot;:&quot;0&quot;,&quot;title&quot;:&quot;&quot;,&quot;orientation&quot;:&quot;0&quot;}\" data-image-title=\"projet-statut-386web\" data-image-description=\"\" data-image-caption=\"\" data-large-file=\"https:\/\/i0.wp.com\/www.the-eye-of-the-photographer.com\/wp-content\/uploads\/2018\/07\/projet-statut-386web.jpg?fit=1024%2C681&amp;ssl=1\" class=\"aligncenter wp-image-298 size-medium\" src=\"https:\/\/i0.wp.com\/www.the-eye-of-the-photographer.com\/wp-content\/uploads\/2018\/07\/projet-statut-386web-300x200.jpg?resize=300%2C200\" alt=\"\" width=\"300\" height=\"200\" srcset=\"https:\/\/i0.wp.com\/www.the-eye-of-the-photographer.com\/wp-content\/uploads\/2018\/07\/projet-statut-386web.jpg?resize=300%2C200&amp;ssl=1 300w, https:\/\/i0.wp.com\/www.the-eye-of-the-photographer.com\/wp-content\/uploads\/2018\/07\/projet-statut-386web.jpg?resize=768%2C511&amp;ssl=1 768w, https:\/\/i0.wp.com\/www.the-eye-of-the-photographer.com\/wp-content\/uploads\/2018\/07\/projet-statut-386web.jpg?resize=1024%2C681&amp;ssl=1 1024w, https:\/\/i0.wp.com\/www.the-eye-of-the-photographer.com\/wp-content\/uploads\/2018\/07\/projet-statut-386web.jpg?w=2000&amp;ssl=1 2000w, https:\/\/i0.wp.com\/www.the-eye-of-the-photographer.com\/wp-content\/uploads\/2018\/07\/projet-statut-386web.jpg?w=3000&amp;ssl=1 3000w\" sizes=\"auto, (max-width: 300px) 100vw, 300px\" \/><\/a><\/p>\n<h2 style=\"text-align: center;\"><a href=\"http:\/\/www.the-eye-of-the-photographer.com\/galeries\/artisans-et-metiers-dart\/\"><span style=\"color: #ffffff;\">Artisans et M\u00e9tiers d'Art<\/span><\/a><\/h2>\n<p>Si vous souhaitez vous tenir au courant des nouvelles photos que je publie, de mes id\u00e9es ou de mes besoins en mod\u00e8les vous pouvez aussi vous servir des diff\u00e9rents r\u00e9seaux sociaux. Toutes les ic\u00f4nes se trouvent juste en dessous. Je serais ravi de pouvoir \u00e9changer avec des personnes qui aiment mon travail. D'ailleurs n'h\u00e9sitez pas \u00e0 le faire conna\u00eetre en en parlant autour de vous. Ce serait une belle r\u00e9compense et une sacr\u00e9e motivation. Et puis l'art ne vaut que s'il est partag\u00e9...<\/div><\/div>","protected":false},"excerpt":{"rendered":"<p>\/\"> Lingerie mariage \/ \u00e9v\u00e9nementiel architecture \/ paysage Artisans et M\u00e9tiers d'Art Si vous souhaitez vous tenir au courant des nouvelles photos que je publie, de mes id\u00e9es ou de mes besoins en mod\u00e8les vous pouvez aussi vous servir des &hellip; <a href=\"https:\/\/www.the-eye-of-the-photographer.com\/en\/galeries\/\">Continued<\/a><\/p>\n","protected":false},"author":1,"featured_media":0,"parent":0,"menu_order":0,"comment_status":"closed","ping_status":"closed","template":"","meta":{"sfsi_plus_gutenberg_text_before_share":"","sfsi_plus_gutenberg_show_text_before_share":"","sfsi_plus_gutenberg_icon_type":"","sfsi_plus_gutenberg_icon_alignemt":"","sfsi_plus_gutenburg_max_per_row":"","kt_blocks_editor_width":"","jetpack_post_was_ever_published":false,"footnotes":""},"class_list":["post-18","page","type-page","status-publish","hentry"],"yoast_head":"<!-- This site is optimized with the Yoast SEO plugin v26.8 - https:\/\/yoast.com\/product\/yoast-seo-wordpress\/ -->\n<title>Galeries - The eye of the photographer<\/title>\n<meta name=\"description\" content=\"Les galeries Photographiques de The Eye Of The Photographer sont r\u00e9unis par th\u00e8me sur cette page. Du nus artistiques au portrait, du photo reportage \u00e0 l&#039;\u00e9v\u00e8nementiel en passant par l&#039;achitecture ou le paysage. Allez d\u00e9couvrir ces diff\u00e9rents univers.\" \/>\n<meta name=\"robots\" content=\"index, follow, max-snippet:-1, max-image-preview:large, max-video-preview:-1\" \/>\n<link rel=\"canonical\" href=\"https:\/\/www.the-eye-of-the-photographer.com\/galeries\/\" \/>\n<meta property=\"og:locale\" content=\"en_US\" \/>\n<meta property=\"og:type\" content=\"article\" \/>\n<meta property=\"og:title\" content=\"Galeries - The eye of the photographer\" \/>\n<meta property=\"og:description\" content=\"Les galeries Photographiques de The Eye Of The Photographer sont r\u00e9unis par th\u00e8me sur cette page. Du nus artistiques au portrait, du photo reportage \u00e0 l&#039;\u00e9v\u00e8nementiel en passant par l&#039;achitecture ou le paysage. Allez d\u00e9couvrir ces diff\u00e9rents univers.\" \/>\n<meta property=\"og:url\" content=\"https:\/\/www.the-eye-of-the-photographer.com\/galeries\/\" \/>\n<meta property=\"og:site_name\" content=\"The eye of the photographer\" \/>\n<meta property=\"article:modified_time\" content=\"2020-02-25T19:06:29+00:00\" \/>\n<meta property=\"og:image\" content=\"http:\/\/www.the-eye-of-the-photographer.com\/wp-content\/uploads\/2018\/06\/portrait-assis-217x300.jpg\" \/>\n<meta name=\"twitter:card\" content=\"summary_large_image\" \/>\n<meta name=\"twitter:label1\" content=\"Est. reading time\" \/>\n\t<meta name=\"twitter:data1\" content=\"2 minutes\" \/>\n<script type=\"application\/ld+json\" class=\"yoast-schema-graph\">{\"@context\":\"https:\/\/schema.org\",\"@graph\":[{\"@type\":\"WebPage\",\"@id\":\"https:\/\/www.the-eye-of-the-photographer.com\/galeries\/\",\"url\":\"https:\/\/www.the-eye-of-the-photographer.com\/galeries\/\",\"name\":\"Galeries - The eye of the photographer\",\"isPartOf\":{\"@id\":\"https:\/\/www.the-eye-of-the-photographer.com\/#website\"},\"primaryImageOfPage\":{\"@id\":\"https:\/\/www.the-eye-of-the-photographer.com\/galeries\/#primaryimage\"},\"image\":{\"@id\":\"https:\/\/www.the-eye-of-the-photographer.com\/galeries\/#primaryimage\"},\"thumbnailUrl\":\"http:\/\/www.the-eye-of-the-photographer.com\/wp-content\/uploads\/2018\/06\/portrait-assis-217x300.jpg\",\"datePublished\":\"2017-11-04T17:44:59+00:00\",\"dateModified\":\"2020-02-25T19:06:29+00:00\",\"description\":\"Les galeries Photographiques de The Eye Of The Photographer sont r\u00e9unis par th\u00e8me sur cette page. Du nus artistiques au portrait, du photo reportage \u00e0 l'\u00e9v\u00e8nementiel en passant par l'achitecture ou le paysage. Allez d\u00e9couvrir ces diff\u00e9rents univers.\",\"breadcrumb\":{\"@id\":\"https:\/\/www.the-eye-of-the-photographer.com\/galeries\/#breadcrumb\"},\"inLanguage\":\"en-US\",\"potentialAction\":[{\"@type\":\"ReadAction\",\"target\":[\"https:\/\/www.the-eye-of-the-photographer.com\/galeries\/\"]}]},{\"@type\":\"ImageObject\",\"inLanguage\":\"en-US\",\"@id\":\"https:\/\/www.the-eye-of-the-photographer.com\/galeries\/#primaryimage\",\"url\":\"http:\/\/www.the-eye-of-the-photographer.com\/wp-content\/uploads\/2018\/06\/portrait-assis-217x300.jpg\",\"contentUrl\":\"http:\/\/www.the-eye-of-the-photographer.com\/wp-content\/uploads\/2018\/06\/portrait-assis-217x300.jpg\"},{\"@type\":\"BreadcrumbList\",\"@id\":\"https:\/\/www.the-eye-of-the-photographer.com\/galeries\/#breadcrumb\",\"itemListElement\":[{\"@type\":\"ListItem\",\"position\":1,\"name\":\"Accueil\",\"item\":\"https:\/\/www.the-eye-of-the-photographer.com\/\"},{\"@type\":\"ListItem\",\"position\":2,\"name\":\"Galeries\"}]},{\"@type\":\"WebSite\",\"@id\":\"https:\/\/www.the-eye-of-the-photographer.com\/#website\",\"url\":\"https:\/\/www.the-eye-of-the-photographer.com\/\",\"name\":\"The eye of the photographer\",\"description\":\"Photographies et vid\u00e9os d&#039;art\",\"potentialAction\":[{\"@type\":\"SearchAction\",\"target\":{\"@type\":\"EntryPoint\",\"urlTemplate\":\"https:\/\/www.the-eye-of-the-photographer.com\/?s={search_term_string}\"},\"query-input\":{\"@type\":\"PropertyValueSpecification\",\"valueRequired\":true,\"valueName\":\"search_term_string\"}}],\"inLanguage\":\"en-US\"},{\"@type\":\"ImageObject\",\"inLanguage\":\"en-US\",\"@id\":\"https:\/\/www.the-eye-of-the-photographer.com\/galeries\/#local-main-organization-logo\",\"url\":\"\",\"contentUrl\":\"\",\"caption\":\"The eye of the photographer\"}]}<\/script>\n<!-- \/ Yoast SEO plugin. -->","yoast_head_json":{"title":"Galeries - The eye of the photographer","description":"Les galeries Photographiques de The Eye Of The Photographer sont r\u00e9unis par th\u00e8me sur cette page. Du nus artistiques au portrait, du photo reportage \u00e0 l'\u00e9v\u00e8nementiel en passant par l'achitecture ou le paysage. Allez d\u00e9couvrir ces diff\u00e9rents univers.","robots":{"index":"index","follow":"follow","max-snippet":"max-snippet:-1","max-image-preview":"max-image-preview:large","max-video-preview":"max-video-preview:-1"},"canonical":"https:\/\/www.the-eye-of-the-photographer.com\/galeries\/","og_locale":"en_US","og_type":"article","og_title":"Galeries - The eye of the photographer","og_description":"Les galeries Photographiques de The Eye Of The Photographer sont r\u00e9unis par th\u00e8me sur cette page. Du nus artistiques au portrait, du photo reportage \u00e0 l'\u00e9v\u00e8nementiel en passant par l'achitecture ou le paysage. Allez d\u00e9couvrir ces diff\u00e9rents univers.","og_url":"https:\/\/www.the-eye-of-the-photographer.com\/galeries\/","og_site_name":"The eye of the photographer","article_modified_time":"2020-02-25T19:06:29+00:00","og_image":[{"url":"http:\/\/www.the-eye-of-the-photographer.com\/wp-content\/uploads\/2018\/06\/portrait-assis-217x300.jpg","type":"","width":"","height":""}],"twitter_card":"summary_large_image","twitter_misc":{"Est. reading time":"2 minutes"},"schema":{"@context":"https:\/\/schema.org","@graph":[{"@type":"WebPage","@id":"https:\/\/www.the-eye-of-the-photographer.com\/galeries\/","url":"https:\/\/www.the-eye-of-the-photographer.com\/galeries\/","name":"Galeries - The eye of the photographer","isPartOf":{"@id":"https:\/\/www.the-eye-of-the-photographer.com\/#website"},"primaryImageOfPage":{"@id":"https:\/\/www.the-eye-of-the-photographer.com\/galeries\/#primaryimage"},"image":{"@id":"https:\/\/www.the-eye-of-the-photographer.com\/galeries\/#primaryimage"},"thumbnailUrl":"http:\/\/www.the-eye-of-the-photographer.com\/wp-content\/uploads\/2018\/06\/portrait-assis-217x300.jpg","datePublished":"2017-11-04T17:44:59+00:00","dateModified":"2020-02-25T19:06:29+00:00","description":"Les galeries Photographiques de The Eye Of The Photographer sont r\u00e9unis par th\u00e8me sur cette page. Du nus artistiques au portrait, du photo reportage \u00e0 l'\u00e9v\u00e8nementiel en passant par l'achitecture ou le paysage. Allez d\u00e9couvrir ces diff\u00e9rents univers.","breadcrumb":{"@id":"https:\/\/www.the-eye-of-the-photographer.com\/galeries\/#breadcrumb"},"inLanguage":"en-US","potentialAction":[{"@type":"ReadAction","target":["https:\/\/www.the-eye-of-the-photographer.com\/galeries\/"]}]},{"@type":"ImageObject","inLanguage":"en-US","@id":"https:\/\/www.the-eye-of-the-photographer.com\/galeries\/#primaryimage","url":"http:\/\/www.the-eye-of-the-photographer.com\/wp-content\/uploads\/2018\/06\/portrait-assis-217x300.jpg","contentUrl":"http:\/\/www.the-eye-of-the-photographer.com\/wp-content\/uploads\/2018\/06\/portrait-assis-217x300.jpg"},{"@type":"BreadcrumbList","@id":"https:\/\/www.the-eye-of-the-photographer.com\/galeries\/#breadcrumb","itemListElement":[{"@type":"ListItem","position":1,"name":"Accueil","item":"https:\/\/www.the-eye-of-the-photographer.com\/"},{"@type":"ListItem","position":2,"name":"Galeries"}]},{"@type":"WebSite","@id":"https:\/\/www.the-eye-of-the-photographer.com\/#website","url":"https:\/\/www.the-eye-of-the-photographer.com\/","name":"The eye of the photographer","description":"Photographies et vid\u00e9os d&#039;art","potentialAction":[{"@type":"SearchAction","target":{"@type":"EntryPoint","urlTemplate":"https:\/\/www.the-eye-of-the-photographer.com\/?s={search_term_string}"},"query-input":{"@type":"PropertyValueSpecification","valueRequired":true,"valueName":"search_term_string"}}],"inLanguage":"en-US"},{"@type":"ImageObject","inLanguage":"en-US","@id":"https:\/\/www.the-eye-of-the-photographer.com\/galeries\/#local-main-organization-logo","url":"","contentUrl":"","caption":"The eye of the photographer"}]}},"jetpack_sharing_enabled":true,"jetpack_shortlink":"https:\/\/wp.me\/P9wpDF-i","jetpack_likes_enabled":true,"jetpack-related-posts":[],"_links":{"self":[{"href":"https:\/\/www.the-eye-of-the-photographer.com\/en\/wp-json\/wp\/v2\/pages\/18","targetHints":{"allow":["GET"]}}],"collection":[{"href":"https:\/\/www.the-eye-of-the-photographer.com\/en\/wp-json\/wp\/v2\/pages"}],"about":[{"href":"https:\/\/www.the-eye-of-the-photographer.com\/en\/wp-json\/wp\/v2\/types\/page"}],"author":[{"embeddable":true,"href":"https:\/\/www.the-eye-of-the-photographer.com\/en\/wp-json\/wp\/v2\/users\/1"}],"replies":[{"embeddable":true,"href":"https:\/\/www.the-eye-of-the-photographer.com\/en\/wp-json\/wp\/v2\/comments?post=18"}],"version-history":[{"count":36,"href":"https:\/\/www.the-eye-of-the-photographer.com\/en\/wp-json\/wp\/v2\/pages\/18\/revisions"}],"predecessor-version":[{"id":649,"href":"https:\/\/www.the-eye-of-the-photographer.com\/en\/wp-json\/wp\/v2\/pages\/18\/revisions\/649"}],"wp:attachment":[{"href":"https:\/\/www.the-eye-of-the-photographer.com\/en\/wp-json\/wp\/v2\/media?parent=18"}],"curies":[{"name":"wp","href":"https:\/\/api.w.org\/{rel}","templated":true}]}}